{"id":15,"date":"2025-05-02T15:44:48","date_gmt":"2025-05-02T15:44:48","guid":{"rendered":"https:\/\/fundacionperiodismo.org\/medio-ambiente\/?page_id=15"},"modified":"2025-09-19T16:41:35","modified_gmt":"2025-09-19T20:41:35","slug":"inicio","status":"publish","type":"page","link":"https:\/\/fundacionperiodismo.org\/medio-ambiente\/inicio\/","title":{"rendered":"Inicio"},"content":{"rendered":"<body>\t\t<div data-elementor-type=\"wp-page\" data-elementor-id=\"15\" class=\"elementor elementor-15\">\n\t\t\t\t<div class=\"elementor-element elementor-element-ce425d6 e-flex e-con-boxed e-con e-parent\" data-id=\"ce425d6\" data-element_type=\"container\" data-e-type=\"container\">\n\t\t\t\t\t<div class=\"e-con-inner\">\n\t\t\t\t<div class=\"elementor-element elementor-element-259e83a elementor-widget elementor-widget-heading\" data-id=\"259e83a\" data-element_type=\"widget\" data-e-type=\"widget\" data-widget_type=\"heading.default\">\n\t\t\t\t<div class=\"elementor-widget-container\">\n\t\t\t\t\t<h5 class=\"elementor-heading-title elementor-size-default\">Es un proyecto de:<\/h5>\t\t\t\t<\/div>\n\t\t\t\t<\/div>\n\t\t\t\t<div class=\"elementor-element elementor-element-f3f5cd0 elementor-widget elementor-widget-image\" data-id=\"f3f5cd0\" data-element_type=\"widget\" data-e-type=\"widget\" data-widget_type=\"image.default\">\n\t\t\t\t<div class=\"elementor-widget-container\">\n\t\t\t\t\t\t\t\t\t\t\t\t\t\t\t<img loading=\"lazy\" decoding=\"async\" width=\"1024\" height=\"95\" src=\"https:\/\/fundacionperiodismo.org\/medio-ambiente\/wp-content\/uploads\/2025\/06\/Logos-VAC-1024x95.jpg\" class=\"attachment-large size-large wp-image-361\" alt=\"\" srcset=\"https:\/\/fundacionperiodismo.org\/medio-ambiente\/wp-content\/uploads\/2025\/06\/Logos-VAC-1024x95.jpg 1024w, https:\/\/fundacionperiodismo.org\/medio-ambiente\/wp-content\/uploads\/2025\/06\/Logos-VAC-300x28.jpg 300w, https:\/\/fundacionperiodismo.org\/medio-ambiente\/wp-content\/uploads\/2025\/06\/Logos-VAC-768x71.jpg 768w, https:\/\/fundacionperiodismo.org\/medio-ambiente\/wp-content\/uploads\/2025\/06\/Logos-VAC.jpg 1500w\" sizes=\"auto, (max-width: 1024px) 100vw, 1024px\" loading=\"lazy\">\t\t\t\t\t\t\t\t\t\t\t\t\t\t\t<\/div>\n\t\t\t\t<\/div>\n\t\t\t\t<div class=\"elementor-element elementor-element-8a7f99f elementor-widget elementor-widget-heading\" data-id=\"8a7f99f\" data-element_type=\"widget\" data-e-type=\"widget\" data-widget_type=\"heading.default\">\n\t\t\t\t<div class=\"elementor-widget-container\">\n\t\t\t\t\t<span class=\"elementor-heading-title elementor-size-default\">Una iniciativa que busca informar y generar conciencia sobre la urgencia clim\u00e1tica en el Pantanal y el Chaco boliviano<\/span>\t\t\t\t<\/div>\n\t\t\t\t<\/div>\n\t\t\t\t\t<\/div>\n\t\t\t\t<\/div>\n\t\t<div class=\"elementor-element elementor-element-9b263c2 e-flex e-con-boxed e-con e-parent\" data-id=\"9b263c2\" data-element_type=\"container\" data-e-type=\"container\">\n\t\t\t\t\t<div class=\"e-con-inner\">\n\t\t<div class=\"elementor-element elementor-element-bf340a2 e-con-full e-flex e-con e-child\" data-id=\"bf340a2\" data-element_type=\"container\" data-e-type=\"container\">\n\t\t\t\t<div class=\"elementor-element elementor-element-b47ee63 elementor-widget elementor-widget-heading\" data-id=\"b47ee63\" data-element_type=\"widget\" data-e-type=\"widget\" data-widget_type=\"heading.default\">\n\t\t\t\t<div class=\"elementor-widget-container\">\n\t\t\t\t\t<span class=\"elementor-heading-title elementor-size-default\">Mujeres rurales de Tarija lideran la adaptaci\u00f3n clim\u00e1tica con el proyecto Nanu <\/span>\t\t\t\t<\/div>\n\t\t\t\t<\/div>\n\t\t\t\t<div class=\"elementor-element elementor-element-3b55047 elementor-widget__width-initial elementor-widget elementor-widget-image\" data-id=\"3b55047\" data-element_type=\"widget\" data-e-type=\"widget\" data-widget_type=\"image.default\">\n\t\t\t\t<div class=\"elementor-widget-container\">\n\t\t\t\t\t\t\t\t\t\t\t\t\t\t\t<img loading=\"lazy\" decoding=\"async\" width=\"564\" height=\"449\" src=\"https:\/\/fundacionperiodismo.org\/medio-ambiente\/wp-content\/uploads\/2025\/09\/imagen15.jpg\" class=\"attachment-large size-large wp-image-475\" alt=\"\" srcset=\"https:\/\/fundacionperiodismo.org\/medio-ambiente\/wp-content\/uploads\/2025\/09\/imagen15.jpg 564w, https:\/\/fundacionperiodismo.org\/medio-ambiente\/wp-content\/uploads\/2025\/09\/imagen15-300x239.jpg 300w\" sizes=\"auto, (max-width: 564px) 100vw, 564px\" loading=\"lazy\">\t\t\t\t\t\t\t\t\t\t\t\t\t\t\t<\/div>\n\t\t\t\t<\/div>\n\t\t\t\t<div class=\"elementor-element elementor-element-68c9dd7 elementor-align-center elementor-widget elementor-widget-button\" data-id=\"68c9dd7\" data-element_type=\"widget\" data-e-type=\"widget\" data-widget_type=\"button.default\">\n\t\t\t\t<div class=\"elementor-widget-container\">\n\t\t\t\t\t\t\t\t\t<div class=\"elementor-button-wrapper\">\n\t\t\t\t\t<a class=\"elementor-button elementor-button-link elementor-size-sm\" href=\"https:\/\/fundacionperiodismo.org\/medio-ambiente\/tecnologia-y-resiliencia-mujeres-rurales-de-tarija-lideran-la-adaptacion-climatica-con-el-proyecto-nanu\/\">\n\t\t\t\t\t\t<span class=\"elementor-button-content-wrapper\">\n\t\t\t\t\t\t\t\t\t<span class=\"elementor-button-text\">Ingresa aqu\u00ed<\/span>\n\t\t\t\t\t<\/span>\n\t\t\t\t\t<\/a>\n\t\t\t\t<\/div>\n\t\t\t\t\t\t\t\t<\/div>\n\t\t\t\t<\/div>\n\t\t\t\t<\/div>\n\t\t<div class=\"elementor-element elementor-element-b8ec4db e-con-full e-flex e-con e-child\" data-id=\"b8ec4db\" data-element_type=\"container\" data-e-type=\"container\">\n\t\t\t\t<div class=\"elementor-element elementor-element-05d55d6 elementor-widget elementor-widget-heading\" data-id=\"05d55d6\" data-element_type=\"widget\" data-e-type=\"widget\" data-widget_type=\"heading.default\">\n\t\t\t\t<div class=\"elementor-widget-container\">\n\t\t\t\t\t<span class=\"elementor-heading-title elementor-size-default\">J\u00f3venes se convierten en l\u00edderes de la acci\u00f3n clim\u00e1tica y la defensa cultural<\/span>\t\t\t\t<\/div>\n\t\t\t\t<\/div>\n\t\t\t\t<div class=\"elementor-element elementor-element-aa608f9 elementor-widget__width-initial elementor-widget elementor-widget-image\" data-id=\"aa608f9\" data-element_type=\"widget\" data-e-type=\"widget\" data-widget_type=\"image.default\">\n\t\t\t\t<div class=\"elementor-widget-container\">\n\t\t\t\t\t\t\t\t\t\t\t\t\t\t\t<img loading=\"lazy\" decoding=\"async\" width=\"431\" height=\"565\" src=\"https:\/\/fundacionperiodismo.org\/medio-ambiente\/wp-content\/uploads\/2025\/09\/imagen7.jpg\" class=\"attachment-large size-large wp-image-448\" alt=\"\" srcset=\"https:\/\/fundacionperiodismo.org\/medio-ambiente\/wp-content\/uploads\/2025\/09\/imagen7.jpg 431w, https:\/\/fundacionperiodismo.org\/medio-ambiente\/wp-content\/uploads\/2025\/09\/imagen7-229x300.jpg 229w\" sizes=\"auto, (max-width: 431px) 100vw, 431px\" loading=\"lazy\">\t\t\t\t\t\t\t\t\t\t\t\t\t\t\t<\/div>\n\t\t\t\t<\/div>\n\t\t\t\t<div class=\"elementor-element elementor-element-b27e27c elementor-align-center elementor-widget elementor-widget-button\" data-id=\"b27e27c\" data-element_type=\"widget\" data-e-type=\"widget\" data-widget_type=\"button.default\">\n\t\t\t\t<div class=\"elementor-widget-container\">\n\t\t\t\t\t\t\t\t\t<div class=\"elementor-button-wrapper\">\n\t\t\t\t\t<a class=\"elementor-button elementor-button-link elementor-size-sm\" href=\"https:\/\/fundacionperiodismo.org\/medio-ambiente\/voces-chaco-jovenes-se-convierten-en-lideres-de-la-accion-climatica-y-la-defensa-cultural\/\">\n\t\t\t\t\t\t<span class=\"elementor-button-content-wrapper\">\n\t\t\t\t\t\t\t\t\t<span class=\"elementor-button-text\">Ingresa aqu\u00ed<\/span>\n\t\t\t\t\t<\/span>\n\t\t\t\t\t<\/a>\n\t\t\t\t<\/div>\n\t\t\t\t\t\t\t\t<\/div>\n\t\t\t\t<\/div>\n\t\t\t\t<\/div>\n\t\t<div class=\"elementor-element elementor-element-7434bc1 e-con-full e-flex e-con e-child\" data-id=\"7434bc1\" data-element_type=\"container\" data-e-type=\"container\">\n\t\t\t\t<div class=\"elementor-element elementor-element-996db82 elementor-widget elementor-widget-heading\" data-id=\"996db82\" data-element_type=\"widget\" data-e-type=\"widget\" data-widget_type=\"heading.default\">\n\t\t\t\t<div class=\"elementor-widget-container\">\n\t\t\t\t\t<span class=\"elementor-heading-title elementor-size-default\">La fundaci\u00f3n semilla y el programa \u201cvoces para la acci\u00f3n clim\u00e1tica justa\u201d impulsan soluciones ambientales<\/span>\t\t\t\t<\/div>\n\t\t\t\t<\/div>\n\t\t\t\t<div class=\"elementor-element elementor-element-eab9d56 elementor-widget__width-initial elementor-widget elementor-widget-image\" data-id=\"eab9d56\" data-element_type=\"widget\" data-e-type=\"widget\" data-widget_type=\"image.default\">\n\t\t\t\t<div class=\"elementor-widget-container\">\n\t\t\t\t\t\t\t\t\t\t\t\t\t\t\t<img loading=\"lazy\" decoding=\"async\" width=\"461\" height=\"578\" src=\"https:\/\/fundacionperiodismo.org\/medio-ambiente\/wp-content\/uploads\/2025\/09\/imagen9.jpg\" class=\"attachment-large size-large wp-image-454\" alt=\"\" srcset=\"https:\/\/fundacionperiodismo.org\/medio-ambiente\/wp-content\/uploads\/2025\/09\/imagen9.jpg 461w, https:\/\/fundacionperiodismo.org\/medio-ambiente\/wp-content\/uploads\/2025\/09\/imagen9-239x300.jpg 239w\" sizes=\"auto, (max-width: 461px) 100vw, 461px\" loading=\"lazy\">\t\t\t\t\t\t\t\t\t\t\t\t\t\t\t<\/div>\n\t\t\t\t<\/div>\n\t\t\t\t<div class=\"elementor-element elementor-element-839d5a8 elementor-align-center elementor-widget elementor-widget-button\" data-id=\"839d5a8\" data-element_type=\"widget\" data-e-type=\"widget\" data-widget_type=\"button.default\">\n\t\t\t\t<div class=\"elementor-widget-container\">\n\t\t\t\t\t\t\t\t\t<div class=\"elementor-button-wrapper\">\n\t\t\t\t\t<a class=\"elementor-button elementor-button-link elementor-size-sm\" href=\"https:\/\/fundacionperiodismo.org\/medio-ambiente\/la-fundacion-semilla-y-el-programa-voces-para-la-accion-climatica-justa-impulsan-soluciones-ambientales-en-el-chaco-boliviano\/\">\n\t\t\t\t\t\t<span class=\"elementor-button-content-wrapper\">\n\t\t\t\t\t\t\t\t\t<span class=\"elementor-button-text\">Ingresa aqu\u00ed<\/span>\n\t\t\t\t\t<\/span>\n\t\t\t\t\t<\/a>\n\t\t\t\t<\/div>\n\t\t\t\t\t\t\t\t<\/div>\n\t\t\t\t<\/div>\n\t\t\t\t<\/div>\n\t\t\t\t\t<\/div>\n\t\t\t\t<\/div>\n\t\t<div class=\"elementor-element elementor-element-7d0e0fb e-flex e-con-boxed e-con e-parent\" data-id=\"7d0e0fb\" data-element_type=\"container\" data-e-type=\"container\">\n\t\t\t\t\t<div class=\"e-con-inner\">\n\t\t\t\t<div class=\"elementor-element elementor-element-611945a elementor-widget elementor-widget-heading\" data-id=\"611945a\" data-element_type=\"widget\" data-e-type=\"widget\" data-widget_type=\"heading.default\">\n\t\t\t\t<div class=\"elementor-widget-container\">\n\t\t\t\t\t<span class=\"elementor-heading-title elementor-size-default\">Ingresa a todas las noticias<\/span>\t\t\t\t<\/div>\n\t\t\t\t<\/div>\n\t\t\t\t<div class=\"elementor-element elementor-element-7e8359f elementor-align-center elementor-widget elementor-widget-button\" data-id=\"7e8359f\" data-element_type=\"widget\" data-e-type=\"widget\" data-widget_type=\"button.default\">\n\t\t\t\t<div class=\"elementor-widget-container\">\n\t\t\t\t\t\t\t\t\t<div class=\"elementor-button-wrapper\">\n\t\t\t\t\t<a class=\"elementor-button elementor-button-link elementor-size-sm\" href=\"https:\/\/fundacionperiodismo.org\/medio-ambiente\/category\/notas\/\">\n\t\t\t\t\t\t<span class=\"elementor-button-content-wrapper\">\n\t\t\t\t\t\t\t\t\t<span class=\"elementor-button-text\">Aqu\u00ed<\/span>\n\t\t\t\t\t<\/span>\n\t\t\t\t\t<\/a>\n\t\t\t\t<\/div>\n\t\t\t\t\t\t\t\t<\/div>\n\t\t\t\t<\/div>\n\t\t\t\t\t<\/div>\n\t\t\t\t<\/div>\n\t\t<div class=\"elementor-element elementor-element-258ff4e e-flex e-con-boxed e-con e-parent\" data-id=\"258ff4e\" data-element_type=\"container\" data-e-type=\"container\" data-settings=\"{&quot;background_background&quot;:&quot;gradient&quot;}\">\n\t\t\t\t\t<div class=\"e-con-inner\">\n\t\t<div class=\"elementor-element elementor-element-3f8556c e-con-full e-flex e-con e-child\" data-id=\"3f8556c\" data-element_type=\"container\" data-e-type=\"container\">\n\t\t\t\t<div class=\"elementor-element elementor-element-507fe16 elementor-widget elementor-widget-heading\" data-id=\"507fe16\" data-element_type=\"widget\" data-e-type=\"widget\" data-widget_type=\"heading.default\">\n\t\t\t\t<div class=\"elementor-widget-container\">\n\t\t\t\t\t<h3 class=\"elementor-heading-title elementor-size-default\">Historias en video<\/h3>\t\t\t\t<\/div>\n\t\t\t\t<\/div>\n\t\t\t\t<div class=\"elementor-element elementor-element-f720520 elementor-widget elementor-widget-heading\" data-id=\"f720520\" data-element_type=\"widget\" data-e-type=\"widget\" data-widget_type=\"heading.default\">\n\t\t\t\t<div class=\"elementor-widget-container\">\n\t\t\t\t\t<p class=\"elementor-heading-title elementor-size-default\">En estos videos hablamos sobre las estrategias para solucionar los efectos del cambio clim\u00e1tico en el Pantanal y el Chaco boliviano<\/p>\t\t\t\t<\/div>\n\t\t\t\t<\/div>\n\t\t\t\t<div class=\"elementor-element elementor-element-ec8954b elementor-align-center elementor-widget elementor-widget-button\" data-id=\"ec8954b\" data-element_type=\"widget\" data-e-type=\"widget\" data-widget_type=\"button.default\">\n\t\t\t\t<div class=\"elementor-widget-container\">\n\t\t\t\t\t\t\t\t\t<div class=\"elementor-button-wrapper\">\n\t\t\t\t\t<a class=\"elementor-button elementor-button-link elementor-size-sm\" href=\"https:\/\/fundacionperiodismo.org\/medio-ambiente\/category\/historia-video\/\">\n\t\t\t\t\t\t<span class=\"elementor-button-content-wrapper\">\n\t\t\t\t\t\t\t\t\t<span class=\"elementor-button-text\">Ingresa aqu\u00ed<\/span>\n\t\t\t\t\t<\/span>\n\t\t\t\t\t<\/a>\n\t\t\t\t<\/div>\n\t\t\t\t\t\t\t\t<\/div>\n\t\t\t\t<\/div>\n\t\t\t\t<\/div>\n\t\t<div class=\"elementor-element elementor-element-b1d3bd3 e-con-full e-flex e-con e-child\" data-id=\"b1d3bd3\" data-element_type=\"container\" data-e-type=\"container\">\n\t\t\t\t<div class=\"elementor-element elementor-element-2a217ab elementor-widget elementor-widget-html\" data-id=\"2a217ab\" data-element_type=\"widget\" data-e-type=\"widget\" data-widget_type=\"html.default\">\n\t\t\t\t<div class=\"elementor-widget-container\">\n\t\t\t\t\t<iframe width=\"560\" height=\"315\" src=\"https:\/\/www.youtube.com\/embed\/ckPTJLvR3ac?si=b8E-uXg-B0kGuRiF\" title=\"YouTube video player\" frameborder=\"0\" allow=\"accelerometer; autoplay; clipboard-write; encrypted-media; gyroscope; picture-in-picture; web-share\" referrerpolicy=\"strict-origin-when-cross-origin\" allowfullscreen><\/iframe>\t\t\t\t<\/div>\n\t\t\t\t<\/div>\n\t\t\t\t<\/div>\n\t\t\t\t\t<\/div>\n\t\t\t\t<\/div>\n\t\t<div class=\"elementor-element elementor-element-7719fb4 e-flex e-con-boxed e-con e-parent\" data-id=\"7719fb4\" data-element_type=\"container\" data-e-type=\"container\" data-settings=\"{&quot;background_background&quot;:&quot;gradient&quot;}\">\n\t\t\t\t\t<div class=\"e-con-inner\">\n\t\t<div class=\"elementor-element elementor-element-b12610f e-con-full e-flex e-con e-child\" data-id=\"b12610f\" data-element_type=\"container\" data-e-type=\"container\">\n\t\t\t\t<div class=\"elementor-element elementor-element-5745b55 elementor-widget elementor-widget-image\" data-id=\"5745b55\" data-element_type=\"widget\" data-e-type=\"widget\" data-widget_type=\"image.default\">\n\t\t\t\t<div class=\"elementor-widget-container\">\n\t\t\t\t\t\t\t\t\t\t\t\t\t\t\t<img loading=\"lazy\" decoding=\"async\" width=\"1024\" height=\"577\" src=\"https:\/\/fundacionperiodismo.org\/medio-ambiente\/wp-content\/uploads\/2025\/05\/20250321_120516-1536x865-1-1024x577.jpg\" class=\"attachment-large size-large wp-image-301\" alt=\"\" srcset=\"https:\/\/fundacionperiodismo.org\/medio-ambiente\/wp-content\/uploads\/2025\/05\/20250321_120516-1536x865-1-1024x577.jpg 1024w, https:\/\/fundacionperiodismo.org\/medio-ambiente\/wp-content\/uploads\/2025\/05\/20250321_120516-1536x865-1-300x169.jpg 300w, https:\/\/fundacionperiodismo.org\/medio-ambiente\/wp-content\/uploads\/2025\/05\/20250321_120516-1536x865-1-768x433.jpg 768w, https:\/\/fundacionperiodismo.org\/medio-ambiente\/wp-content\/uploads\/2025\/05\/20250321_120516-1536x865-1.jpg 1536w\" sizes=\"auto, (max-width: 1024px) 100vw, 1024px\" loading=\"lazy\">\t\t\t\t\t\t\t\t\t\t\t\t\t\t\t<\/div>\n\t\t\t\t<\/div>\n\t\t\t\t<\/div>\n\t\t<div class=\"elementor-element elementor-element-c3ff90b e-con-full e-flex e-con e-child\" data-id=\"c3ff90b\" data-element_type=\"container\" data-e-type=\"container\">\n\t\t\t\t<div class=\"elementor-element elementor-element-f3d72bc elementor-widget elementor-widget-heading\" data-id=\"f3d72bc\" data-element_type=\"widget\" data-e-type=\"widget\" data-widget_type=\"heading.default\">\n\t\t\t\t<div class=\"elementor-widget-container\">\n\t\t\t\t\t<h3 class=\"elementor-heading-title elementor-size-default\">Reportajes<\/h3>\t\t\t\t<\/div>\n\t\t\t\t<\/div>\n\t\t\t\t<div class=\"elementor-element elementor-element-be4be4c elementor-widget elementor-widget-heading\" data-id=\"be4be4c\" data-element_type=\"widget\" data-e-type=\"widget\" data-widget_type=\"heading.default\">\n\t\t\t\t<div class=\"elementor-widget-container\">\n\t\t\t\t\t<p class=\"elementor-heading-title elementor-size-default\">Adentramos en el d\u00eda a d\u00eda de las comunidades y te brindamos un panorama completo y enriquecedor de la situaci\u00f3n actual en estas ecorregiones.<\/p>\t\t\t\t<\/div>\n\t\t\t\t<\/div>\n\t\t\t\t<div class=\"elementor-element elementor-element-e31a2f5 elementor-align-center elementor-widget elementor-widget-button\" data-id=\"e31a2f5\" data-element_type=\"widget\" data-e-type=\"widget\" data-widget_type=\"button.default\">\n\t\t\t\t<div class=\"elementor-widget-container\">\n\t\t\t\t\t\t\t\t\t<div class=\"elementor-button-wrapper\">\n\t\t\t\t\t<a class=\"elementor-button elementor-button-link elementor-size-sm\" href=\"https:\/\/fundacionperiodismo.org\/medio-ambiente\/category\/reportaje\/\">\n\t\t\t\t\t\t<span class=\"elementor-button-content-wrapper\">\n\t\t\t\t\t\t\t\t\t<span class=\"elementor-button-text\">Ingresa aqu\u00ed<\/span>\n\t\t\t\t\t<\/span>\n\t\t\t\t\t<\/a>\n\t\t\t\t<\/div>\n\t\t\t\t\t\t\t\t<\/div>\n\t\t\t\t<\/div>\n\t\t\t\t<\/div>\n\t\t\t\t\t<\/div>\n\t\t\t\t<\/div>\n\t\t<div class=\"elementor-element elementor-element-b5522fd e-flex e-con-boxed e-con e-parent\" data-id=\"b5522fd\" data-element_type=\"container\" data-e-type=\"container\" data-settings=\"{&quot;background_background&quot;:&quot;gradient&quot;}\">\n\t\t\t\t\t<div class=\"e-con-inner\">\n\t\t<div class=\"elementor-element elementor-element-30df7d1 e-con-full e-flex e-con e-child\" data-id=\"30df7d1\" data-element_type=\"container\" data-e-type=\"container\">\n\t\t\t\t<div class=\"elementor-element elementor-element-9166246 elementor-widget elementor-widget-heading\" data-id=\"9166246\" data-element_type=\"widget\" data-e-type=\"widget\" data-widget_type=\"heading.default\">\n\t\t\t\t<div class=\"elementor-widget-container\">\n\t\t\t\t\t<h3 class=\"elementor-heading-title elementor-size-default\">Podcasts<\/h3>\t\t\t\t<\/div>\n\t\t\t\t<\/div>\n\t\t\t\t<div class=\"elementor-element elementor-element-737b8d3 elementor-widget elementor-widget-heading\" data-id=\"737b8d3\" data-element_type=\"widget\" data-e-type=\"widget\" data-widget_type=\"heading.default\">\n\t\t\t\t<div class=\"elementor-widget-container\">\n\t\t\t\t\t<p class=\"elementor-heading-title elementor-size-default\">Nos transportamos a los bosques chiquitanos para conocer las soluciones que se est\u00e1n implementando para combatir los efectos del cambio clim\u00e1tico<\/p>\t\t\t\t<\/div>\n\t\t\t\t<\/div>\n\t\t\t\t<div class=\"elementor-element elementor-element-a9119ad elementor-align-center elementor-widget elementor-widget-button\" data-id=\"a9119ad\" data-element_type=\"widget\" data-e-type=\"widget\" data-widget_type=\"button.default\">\n\t\t\t\t<div class=\"elementor-widget-container\">\n\t\t\t\t\t\t\t\t\t<div class=\"elementor-button-wrapper\">\n\t\t\t\t\t<a class=\"elementor-button elementor-button-link elementor-size-sm\" href=\"https:\/\/fundacionperiodismo.org\/medio-ambiente\/category\/historia-podcast\/\">\n\t\t\t\t\t\t<span class=\"elementor-button-content-wrapper\">\n\t\t\t\t\t\t\t\t\t<span class=\"elementor-button-text\">Ingresa aqu\u00ed<\/span>\n\t\t\t\t\t<\/span>\n\t\t\t\t\t<\/a>\n\t\t\t\t<\/div>\n\t\t\t\t\t\t\t\t<\/div>\n\t\t\t\t<\/div>\n\t\t\t\t<\/div>\n\t\t<div class=\"elementor-element elementor-element-dace0af e-con-full e-flex e-con e-child\" data-id=\"dace0af\" data-element_type=\"container\" data-e-type=\"container\">\n\t\t\t\t<div class=\"elementor-element elementor-element-e241e92 elementor-widget elementor-widget-image\" data-id=\"e241e92\" data-element_type=\"widget\" data-e-type=\"widget\" data-widget_type=\"image.default\">\n\t\t\t\t<div class=\"elementor-widget-container\">\n\t\t\t\t\t\t\t\t\t\t\t\t\t\t\t<img loading=\"lazy\" decoding=\"async\" width=\"991\" height=\"410\" src=\"https:\/\/fundacionperiodismo.org\/medio-ambiente\/wp-content\/uploads\/2025\/09\/imagen8.jpg\" class=\"attachment-large size-large wp-image-451\" alt=\"\" srcset=\"https:\/\/fundacionperiodismo.org\/medio-ambiente\/wp-content\/uploads\/2025\/09\/imagen8.jpg 991w, https:\/\/fundacionperiodismo.org\/medio-ambiente\/wp-content\/uploads\/2025\/09\/imagen8-300x124.jpg 300w, https:\/\/fundacionperiodismo.org\/medio-ambiente\/wp-content\/uploads\/2025\/09\/imagen8-768x318.jpg 768w\" sizes=\"auto, (max-width: 991px) 100vw, 991px\" loading=\"lazy\">\t\t\t\t\t\t\t\t\t\t\t\t\t\t\t<\/div>\n\t\t\t\t<\/div>\n\t\t\t\t<\/div>\n\t\t\t\t\t<\/div>\n\t\t\t\t<\/div>\n\t\t<div class=\"elementor-element elementor-element-f44bb5d e-flex e-con-boxed e-con e-parent\" data-id=\"f44bb5d\" data-element_type=\"container\" data-e-type=\"container\">\n\t\t\t\t\t<div class=\"e-con-inner\">\n\t\t<div class=\"elementor-element elementor-element-047c35f e-con-full e-flex e-con e-child\" data-id=\"047c35f\" data-element_type=\"container\" data-e-type=\"container\">\n\t\t\t\t<div class=\"elementor-element elementor-element-b73d628 elementor-widget elementor-widget-heading\" data-id=\"b73d628\" data-element_type=\"widget\" data-e-type=\"widget\" data-widget_type=\"heading.default\">\n\t\t\t\t<div class=\"elementor-widget-container\">\n\t\t\t\t\t<h2 class=\"elementor-heading-title elementor-size-default\">Historias en video<\/h2>\t\t\t\t<\/div>\n\t\t\t\t<\/div>\n\t\t\t\t<div class=\"elementor-element elementor-element-69e5966 elementor-widget elementor-widget-shortcode\" data-id=\"69e5966\" data-element_type=\"widget\" data-e-type=\"widget\" data-widget_type=\"shortcode.default\">\n\t\t\t\t<div class=\"elementor-widget-container\">\n\t\t\t\t\t\t\t<div class=\"elementor-shortcode\">[mostrar_reportajes_videos cantidad=4 categoria=4]<\/div>\n\t\t\t\t\t\t<\/div>\n\t\t\t\t<\/div>\n\t\t\t\t<div class=\"elementor-element elementor-element-e62c15d elementor-align-center elementor-widget elementor-widget-button\" data-id=\"e62c15d\" data-element_type=\"widget\" data-e-type=\"widget\" data-widget_type=\"button.default\">\n\t\t\t\t<div class=\"elementor-widget-container\">\n\t\t\t\t\t\t\t\t\t<div class=\"elementor-button-wrapper\">\n\t\t\t\t\t<a class=\"elementor-button elementor-button-link elementor-size-sm\" href=\"https:\/\/fundacionperiodismo.org\/medio-ambiente\/category\/historia-video\/\">\n\t\t\t\t\t\t<span class=\"elementor-button-content-wrapper\">\n\t\t\t\t\t\t\t\t\t<span class=\"elementor-button-text\">VER TODOS LOS VIDEOS<\/span>\n\t\t\t\t\t<\/span>\n\t\t\t\t\t<\/a>\n\t\t\t\t<\/div>\n\t\t\t\t\t\t\t\t<\/div>\n\t\t\t\t<\/div>\n\t\t\t\t<div class=\"elementor-element elementor-element-298447a elementor-widget elementor-widget-heading\" data-id=\"298447a\" data-element_type=\"widget\" data-e-type=\"widget\" data-widget_type=\"heading.default\">\n\t\t\t\t<div class=\"elementor-widget-container\">\n\t\t\t\t\t<h2 class=\"elementor-heading-title elementor-size-default\">Reportajes<\/h2>\t\t\t\t<\/div>\n\t\t\t\t<\/div>\n\t\t\t\t<div class=\"elementor-element elementor-element-4739441 elementor-widget elementor-widget-shortcode\" data-id=\"4739441\" data-element_type=\"widget\" data-e-type=\"widget\" data-widget_type=\"shortcode.default\">\n\t\t\t\t<div class=\"elementor-widget-container\">\n\t\t\t\t\t\t\t<div class=\"elementor-shortcode\">[mostrar_reportajes cantidad=4 categoria=3]<\/div>\n\t\t\t\t\t\t<\/div>\n\t\t\t\t<\/div>\n\t\t\t\t<div class=\"elementor-element elementor-element-4d06163 elementor-align-center elementor-widget elementor-widget-button\" data-id=\"4d06163\" data-element_type=\"widget\" data-e-type=\"widget\" data-widget_type=\"button.default\">\n\t\t\t\t<div class=\"elementor-widget-container\">\n\t\t\t\t\t\t\t\t\t<div class=\"elementor-button-wrapper\">\n\t\t\t\t\t<a class=\"elementor-button elementor-button-link elementor-size-sm\" href=\"https:\/\/fundacionperiodismo.org\/medio-ambiente\/category\/reportaje\/\">\n\t\t\t\t\t\t<span class=\"elementor-button-content-wrapper\">\n\t\t\t\t\t\t\t\t\t<span class=\"elementor-button-text\">LEER TODOS LOS REPORTAJES<\/span>\n\t\t\t\t\t<\/span>\n\t\t\t\t\t<\/a>\n\t\t\t\t<\/div>\n\t\t\t\t\t\t\t\t<\/div>\n\t\t\t\t<\/div>\n\t\t\t\t<div class=\"elementor-element elementor-element-a4e62a2 elementor-widget elementor-widget-heading\" data-id=\"a4e62a2\" data-element_type=\"widget\" data-e-type=\"widget\" data-widget_type=\"heading.default\">\n\t\t\t\t<div class=\"elementor-widget-container\">\n\t\t\t\t\t<h2 class=\"elementor-heading-title elementor-size-default\">Historias podcast<\/h2>\t\t\t\t<\/div>\n\t\t\t\t<\/div>\n\t\t\t\t<div class=\"elementor-element elementor-element-e11bd52 meta-visibility-show title_position_default title_hover_border_default title-default img_hover_animation_default meta_position_default readmore-btn-default-style grid-hover-overlay-type-always grid-hover-overlay-height-default hover-overlay-height-default tpg-border-bottom-disable elementor-widget elementor-widget-tpg-grid-hover-layout\" data-id=\"e11bd52\" data-element_type=\"widget\" data-e-type=\"widget\" data-widget_type=\"tpg-grid-hover-layout.default\">\n\t\t\t\t<div class=\"elementor-widget-container\">\n\t\t\t\t\t\n        <div class=\"rt-container-fluid rt-tpg-container tpg-el-main-wrapper grid_hover-layout1-main \" id=\"rt-tpg-container-4048658480\" data-layout=\"grid_hover-layout1\" data-sc-id=\"elementor\" data-el-settings=\"\" data-el-query=\"\" data-el-path=\"\">\n\t\t\t            <div class=\"tpg-header-wrapper \">\n\t\t\t\t            <\/div>\n\n            <div data-title=\"Loading ...\" class=\"rt-row rt-content-loader grid_hover-layout1 tpg-even grid-behaviour grid_hover_layout_wrapper\">\n\t\t\t\t\n<div class=\"rt-col-md-4 rt-col-sm-6 rt-col-xs-12 default rt-grid-hover-item rt-grid-item\" data-id=\"159\">\n\t<div class=\"rt-holder tpg-post-holder \">\n\t\t<div class=\"rt-detail rt-el-content-wrapper\">\n\t\t\t\t\t\t\t<div class=\"rt-img-holder tpg-el-image-wrap has-thumbnail\">\n\t\t\t\t\t<a data-id=\"159\" href=\"https:\/\/fundacionperiodismo.org\/medio-ambiente\/la-voz-de-ricardo-pantoja-voces-chaco\/\" class=\"tpg-post-link\" target=\"_self\">                        <img loading=\"lazy\" decoding=\"async\" src=\"https:\/\/fundacionperiodismo.org\/medio-ambiente\/wp-content\/uploads\/2025\/05\/4-768x768.jpeg\" class=\"rt-img-responsive\" width=\"768\" height=\"768\" alt=\"La voz de Ricardo Pantoja \u2013 Voces Chaco\" loading=\"lazy\">\n                        \n                            \n        <\/a>\n                <div class=\"overlay grid-hover-content\"><\/div>\n        \t\t\t\t<\/div>\n\t\t\t\n\t\t\t<div class=\"grid-hover-content\">\n\t\t\t\t<div class=\"entry-title-wrapper\"><h3 class=\"entry-title\"><a data-id=\"159\" href=\"https:\/\/fundacionperiodismo.org\/medio-ambiente\/la-voz-de-ricardo-pantoja-voces-chaco\/\" class=\"tpg-post-link\" target=\"_self\">La voz de Ricardo Pantoja \u2013 Voces Chaco<\/a><\/h3><\/div>\n\t\t\t\t\t\t\t\t\t<div class=\"post-meta-tags rt-el-post-meta\">\n\t\t\t\t\t\t            <span class=\"date\">\n\t\t\t\t<i class=\"far fa-calendar-alt \"><\/i>                                    <a href=\"https:\/\/fundacionperiodismo.org\/medio-ambiente\/2025\/05\/19\/\">\n\t\t\t\t\tmayo 19, 2025\t\t\t\t<\/a>\n                \t\t\t<\/span>\n            \t\t\t\t\t<\/div>\n\t\t\t\t\n\t\t\t\t\n\t\t\t\t        <div class=\"post-footer\">\n            <div class=\"post-footer\">\n                <div class=\"read-more\">\n                    <a data-id=\"159\" href=\"https:\/\/fundacionperiodismo.org\/medio-ambiente\/la-voz-de-ricardo-pantoja-voces-chaco\/\" class=\"tpg-post-link\" target=\"_self\">Escuchar podcast<\/a>                <\/div>\n            <\/div>\n        <\/div>\n        \t\t\t<\/div>\n\t\t<\/div>\n\t<\/div>\n<\/div>\n\n<div class=\"rt-col-md-4 rt-col-sm-6 rt-col-xs-12 default rt-grid-hover-item rt-grid-item\" data-id=\"157\">\n\t<div class=\"rt-holder tpg-post-holder \">\n\t\t<div class=\"rt-detail rt-el-content-wrapper\">\n\t\t\t\t\t\t\t<div class=\"rt-img-holder tpg-el-image-wrap has-thumbnail\">\n\t\t\t\t\t<a data-id=\"157\" href=\"https:\/\/fundacionperiodismo.org\/medio-ambiente\/la-voz-de-jenny-gruenberger-lidema\/\" class=\"tpg-post-link\" target=\"_self\">                        <img loading=\"lazy\" decoding=\"async\" src=\"https:\/\/fundacionperiodismo.org\/medio-ambiente\/wp-content\/uploads\/2025\/05\/2-768x768.jpeg\" class=\"rt-img-responsive\" width=\"768\" height=\"768\" alt=\"La voz de Jenny Gruenberger \u2013  LIDEMA\" loading=\"lazy\">\n                        \n                            \n        <\/a>\n                <div class=\"overlay grid-hover-content\"><\/div>\n        \t\t\t\t<\/div>\n\t\t\t\n\t\t\t<div class=\"grid-hover-content\">\n\t\t\t\t<div class=\"entry-title-wrapper\"><h3 class=\"entry-title\"><a data-id=\"157\" href=\"https:\/\/fundacionperiodismo.org\/medio-ambiente\/la-voz-de-jenny-gruenberger-lidema\/\" class=\"tpg-post-link\" target=\"_self\">La voz de Jenny Gruenberger \u2013  LIDEMA<\/a><\/h3><\/div>\n\t\t\t\t\t\t\t\t\t<div class=\"post-meta-tags rt-el-post-meta\">\n\t\t\t\t\t\t            <span class=\"date\">\n\t\t\t\t<i class=\"far fa-calendar-alt \"><\/i>                                    <a href=\"https:\/\/fundacionperiodismo.org\/medio-ambiente\/2025\/05\/19\/\">\n\t\t\t\t\tmayo 19, 2025\t\t\t\t<\/a>\n                \t\t\t<\/span>\n            \t\t\t\t\t<\/div>\n\t\t\t\t\n\t\t\t\t\n\t\t\t\t        <div class=\"post-footer\">\n            <div class=\"post-footer\">\n                <div class=\"read-more\">\n                    <a data-id=\"157\" href=\"https:\/\/fundacionperiodismo.org\/medio-ambiente\/la-voz-de-jenny-gruenberger-lidema\/\" class=\"tpg-post-link\" target=\"_self\">Escuchar podcast<\/a>                <\/div>\n            <\/div>\n        <\/div>\n        \t\t\t<\/div>\n\t\t<\/div>\n\t<\/div>\n<\/div>\n\n<div class=\"rt-col-md-4 rt-col-sm-6 rt-col-xs-12 default rt-grid-hover-item rt-grid-item\" data-id=\"158\">\n\t<div class=\"rt-holder tpg-post-holder \">\n\t\t<div class=\"rt-detail rt-el-content-wrapper\">\n\t\t\t\t\t\t\t<div class=\"rt-img-holder tpg-el-image-wrap has-thumbnail\">\n\t\t\t\t\t<a data-id=\"158\" href=\"https:\/\/fundacionperiodismo.org\/medio-ambiente\/la-voz-de-regis-vivero-fundacion-nativa\/\" class=\"tpg-post-link\" target=\"_self\">                        <img loading=\"lazy\" decoding=\"async\" src=\"https:\/\/fundacionperiodismo.org\/medio-ambiente\/wp-content\/uploads\/2025\/05\/3-768x768.jpeg\" class=\"rt-img-responsive\" width=\"768\" height=\"768\" alt=\"La voz de Regis Vivero \u2013 Fundaci\u00f3n Nativa\" loading=\"lazy\">\n                        \n                            \n        <\/a>\n                <div class=\"overlay grid-hover-content\"><\/div>\n        \t\t\t\t<\/div>\n\t\t\t\n\t\t\t<div class=\"grid-hover-content\">\n\t\t\t\t<div class=\"entry-title-wrapper\"><h3 class=\"entry-title\"><a data-id=\"158\" href=\"https:\/\/fundacionperiodismo.org\/medio-ambiente\/la-voz-de-regis-vivero-fundacion-nativa\/\" class=\"tpg-post-link\" target=\"_self\">La voz de Regis Vivero \u2013 Fundaci\u00f3n Nativa<\/a><\/h3><\/div>\n\t\t\t\t\t\t\t\t\t<div class=\"post-meta-tags rt-el-post-meta\">\n\t\t\t\t\t\t            <span class=\"date\">\n\t\t\t\t<i class=\"far fa-calendar-alt \"><\/i>                                    <a href=\"https:\/\/fundacionperiodismo.org\/medio-ambiente\/2025\/05\/19\/\">\n\t\t\t\t\tmayo 19, 2025\t\t\t\t<\/a>\n                \t\t\t<\/span>\n            \t\t\t\t\t<\/div>\n\t\t\t\t\n\t\t\t\t\n\t\t\t\t        <div class=\"post-footer\">\n            <div class=\"post-footer\">\n                <div class=\"read-more\">\n                    <a data-id=\"158\" href=\"https:\/\/fundacionperiodismo.org\/medio-ambiente\/la-voz-de-regis-vivero-fundacion-nativa\/\" class=\"tpg-post-link\" target=\"_self\">Escuchar podcast<\/a>                <\/div>\n            <\/div>\n        <\/div>\n        \t\t\t<\/div>\n\t\t<\/div>\n\t<\/div>\n<\/div>\n            <\/div>\n\n\t\t\t        <\/div>\n\t\t\t\t\t\t<\/div>\n\t\t\t\t<\/div>\n\t\t\t\t<div class=\"elementor-element elementor-element-67dc478 elementor-align-center elementor-widget elementor-widget-button\" data-id=\"67dc478\" data-element_type=\"widget\" data-e-type=\"widget\" data-widget_type=\"button.default\">\n\t\t\t\t<div class=\"elementor-widget-container\">\n\t\t\t\t\t\t\t\t\t<div class=\"elementor-button-wrapper\">\n\t\t\t\t\t<a class=\"elementor-button elementor-button-link elementor-size-sm\" href=\"https:\/\/fundacionperiodismo.org\/medio-ambiente\/category\/historia-podcast\/\">\n\t\t\t\t\t\t<span class=\"elementor-button-content-wrapper\">\n\t\t\t\t\t\t\t\t\t<span class=\"elementor-button-text\">ESCUCHAR TODOS LOS PODCAST<\/span>\n\t\t\t\t\t<\/span>\n\t\t\t\t\t<\/a>\n\t\t\t\t<\/div>\n\t\t\t\t\t\t\t\t<\/div>\n\t\t\t\t<\/div>\n\t\t\t\t<\/div>\n\t\t\t\t\t<\/div>\n\t\t\t\t<\/div>\n\t\t\t\t<\/div>\n\t\t<\/body>","protected":false},"excerpt":{"rendered":"<p>Es un proyecto de: Una iniciativa que busca informar y generar conciencia sobre la urgencia clim\u00e1tica en el Pantanal y el Chaco boliviano Mujeres rurales de Tarija lideran la adaptaci\u00f3n&hellip;<\/p>\n","protected":false},"author":1,"featured_media":0,"parent":0,"menu_order":0,"comment_status":"closed","ping_status":"closed","template":"","meta":{"om_disable_all_campaigns":false,"footnotes":""},"class_list":["post-15","page","type-page","status-publish","hentry"],"rttpg_featured_image_url":null,"rttpg_author":{"display_name":"admin","author_link":"https:\/\/fundacionperiodismo.org\/medio-ambiente\/author\/admin\/"},"rttpg_comment":0,"rttpg_category":"","rttpg_excerpt":"Es un proyecto de: Una iniciativa que busca informar y generar conciencia sobre la urgencia clim\u00e1tica en el Pantanal y el Chaco boliviano Mujeres rurales de Tarija lideran la adaptaci\u00f3n&hellip;","_links":{"self":[{"href":"https:\/\/fundacionperiodismo.org\/medio-ambiente\/wp-json\/wp\/v2\/pages\/15","targetHints":{"allow":["GET"]}}],"collection":[{"href":"https:\/\/fundacionperiodismo.org\/medio-ambiente\/wp-json\/wp\/v2\/pages"}],"about":[{"href":"https:\/\/fundacionperiodismo.org\/medio-ambiente\/wp-json\/wp\/v2\/types\/page"}],"author":[{"embeddable":true,"href":"https:\/\/fundacionperiodismo.org\/medio-ambiente\/wp-json\/wp\/v2\/users\/1"}],"replies":[{"embeddable":true,"href":"https:\/\/fundacionperiodismo.org\/medio-ambiente\/wp-json\/wp\/v2\/comments?post=15"}],"version-history":[{"count":5,"href":"https:\/\/fundacionperiodismo.org\/medio-ambiente\/wp-json\/wp\/v2\/pages\/15\/revisions"}],"predecessor-version":[{"id":508,"href":"https:\/\/fundacionperiodismo.org\/medio-ambiente\/wp-json\/wp\/v2\/pages\/15\/revisions\/508"}],"wp:attachment":[{"href":"https:\/\/fundacionperiodismo.org\/medio-ambiente\/wp-json\/wp\/v2\/media?parent=15"}],"curies":[{"name":"wp","href":"https:\/\/api.w.org\/{rel}","templated":true}]}}